{"id":1140,"date":"2021-01-20T17:01:56","date_gmt":"2021-01-20T17:01:56","guid":{"rendered":"https:\/\/madre.com.pt\/capital\/"},"modified":"2024-06-24T12:04:13","modified_gmt":"2024-06-24T12:04:13","slug":"capital","status":"publish","type":"page","link":"https:\/\/madre.com.pt\/es\/home\/capital\/","title":{"rendered":"Capital"},"content":{"rendered":"<div class=\"wpb-content-wrapper\"><p>[vc_row content_placement=\u00bbmiddle\u00bb css_animation=\u00bbfadeIn\u00bb el_class=\u00bbseccao-com-skew\u00bb css=\u00bb.vc_custom_1611162403684{background-image: url(https:\/\/madre.com.pt\/wp-content\/uploads\/2021\/01\/madre-capital.jpg?id=1158) !important;background-position: center !important;background-repeat: no-repeat !important;background-size: cover !important;}\u00bb el_id=\u00bbsetor-intro\u00bb][vc_column width=\u00bb1\/2&#8243;][\/vc_column][vc_column width=\u00bb1\/2&#8243; el_class=\u00bbskew\u00bb css=\u00bb.vc_custom_1609788609825{background-color: #ffffff !important;}\u00bb][vc_row_inner][vc_column_inner el_class=\u00bbskew-invert\u00bb][vc_column_text css_animation=\u00bbslideInRight\u00bb css=\u00bb\u00bb el_class=\u00bbtext dark-blue\u00bb]<\/p>\n<h5>CAPITAL<\/h5>\n<h2>EL DESARROLLO SOSTENIBLE ES INHERENTE A LAS EMPRESAS, DESDE LA GESTI\u00d3N EMPRESARIAL EN LA AGRICULTURA HASTA LAS SOLUCIONES ENERG\u00c9TICAS<\/h2>\n<p>[\/vc_column_text][\/vc_column_inner][\/vc_row_inner][vc_raw_html]PGRpdiBjbGFzcz0ic2tldy1jYXBpdGFsIj48L2Rpdj4=[\/vc_raw_html][\/vc_column][\/vc_row][vc_row el_id=\u00bbsetor-destaque\u00bb][vc_column width=\u00bb1\/2&#8243;][vc_column_text css=\u00bb\u00bb el_class=\u00bbseparador\u00bb]<\/p>\n<h3>AGRIVABE CUENTA CON 20 HECT\u00c1REAS DE INVERNADEROS G\u00d3TICOS Y 50 HECT\u00c1REAS DE \u00c1REA DE AGUACATE<\/h3>\n<p>[\/vc_column_text][\/vc_column][vc_column width=\u00bb1\/2&#8243;][\/vc_column][\/vc_row][vc_row el_id=\u00bbsetor-texto\u00bb][vc_column width=\u00bb1\/2&#8243;][vc_gallery interval=\u00bb5&#8243; images=\u00bb3739,3742,3795,3745&#8243; img_size=\u00bbfull\u00bb onclick=\u00bb\u00bb css=\u00bb\u00bb][\/vc_column][vc_column width=\u00bb1\/2&#8243;][vc_single_image image=\u00bb3599&#8243; img_size=\u00bbfull\u00bb css=\u00bb\u00bb el_class=\u00bbsetor-logo-img\u00bb][vc_column_text css=\u00bb\u00bb el_class=\u00bbdark-blue\u00bb]<\/p>\n<h4>Expandir y diversificar<\/h4>\n<p>Establecida en propiedades en los municipios de Tavira y Castro Marim, Agrivabe se dedica a la producci\u00f3n de cannabis medicinal, lo que la convierte en uno de los principales actores en Portugal. Cuenta con instalaciones especializadas con capacidad para producir 10 toneladas de flores secas de cannabis medicinal, bajo los m\u00e1s altos est\u00e1ndares de calidad y requisitos de certificaci\u00f3n EU-GMP, y su misi\u00f3n es proporcionar una amplia variedad de soluciones m\u00e9dicas basadas en cannabis medicinal de alta calidad. Se aplican estrictos procedimientos de cosecha, secado y procesamiento para garantizar que los pacientes reciban flores secas de cannabis de alta calidad de forma constante.<\/p>\n<p>Las soluciones de Agrivabe permiten anticipar las cosechas con respecto a otros pa\u00edses europeos, evitando cosechas prematuras en los pa\u00edses productores tradicionales y transportes de larga distancia para su colocaci\u00f3n en los mercados europeos.<\/p>\n<p>La empresa tambi\u00e9n desempe\u00f1a un papel importante en la producci\u00f3n, ya establecida, de frutos rojos (frambuesas y moras), que ha ampliado y diversificado con el cultivo de frutas tropicales como mangos, papayas y aguacates.[\/vc_column_text][\/vc_column][\/vc_row][vc_row el_class=\u00bbbarra-divisoria\u00bb][vc_column][vc_separator color=\u00bbcustom\u00bb accent_color=\u00bb#707070&#8243;][\/vc_column][\/vc_row][vc_row el_id=\u00bbsetor-destaque\u00bb][vc_column width=\u00bb1\/2&#8243;][vc_column_text css=\u00bb\u00bb el_class=\u00bbseparador\u00bb]<\/p>\n<h3>LA DIN\u00c1MICA DE MULTIWINES HACE QUE LOS VINOS DE LA FINCA DE S. SEBASTI\u00c3O TENGAN PRESENCIA Y PRESTIGIO NACIONAL E INTERNACIONAL<\/h3>\n<p>[\/vc_column_text][\/vc_column][vc_column width=\u00bb1\/2&#8243;][\/vc_column][\/vc_row][vc_row el_id=\u00bbsetor-texto\u00bb][vc_column width=\u00bb1\/2&#8243;][vc_single_image image=\u00bb3612&#8243; img_size=\u00bbfull\u00bb css=\u00bb\u00bb][\/vc_column][vc_column width=\u00bb1\/2&#8243;][vc_single_image image=\u00bb3751&#8243; img_size=\u00bbfull\u00bb css=\u00bb\u00bb el_class=\u00bbsetor-logo-img\u00bb][vc_column_text css=\u00bb\u00bb el_class=\u00bbdark-blue\u00bb]<\/p>\n<h4>Aprovechar el terru\u00f1o local<\/h4>\n<p>Con una vocaci\u00f3n vin\u00edcola ancestral, Quinta de S. Sebasti\u00e3o, en Arruda dos Vinhos, en la regi\u00f3n de Lisboa, aprovecha el terru\u00f1o local, caracterizado por los suelos arcillo-calc\u00e1reos, la fuerte pendiente del terreno y el microclima con exposici\u00f3n solar al este, influencia atl\u00e1ntica y ausencia de picos de calor. Con una producci\u00f3n inicialmente circunscrita a los l\u00edmites de la propiedad, se ha convertido en un productor de referencia en el municipio, utilizando uvas propias y de socios locales. La comercializaci\u00f3n comenz\u00f3 con los vinos de la propia finca y ha evolucionado hasta incluir proyectos vitivin\u00edcolas fuera de la regi\u00f3n.<\/p>\n<p>Protagonista del resurgimiento de la regi\u00f3n de Lisboa, Multiwines, que comercializa las marcas de la finca, tiene como objetivo vender unos 2,5 millones de botellas en 2023. Alrededor del 85% de este volumen se destina a los mercados internacionales, actualmente cerca de 40, entre los que destacan EE.UU., Brasil, Alemania y Jap\u00f3n.<\/p>\n<p>Las gamas Quinta de S. Sebasti\u00e3o, S. Sebasti\u00e3o y QSS Rare son sus etiquetas m\u00e1s prestigiosas, lo que garantiza una trayectoria notable. En 2023, las marcas recibieron m\u00e1s de 120 medallas, lo que atestigua el reconocimiento de la calidad de los vinos, que ya se reflejaba en el \u00e9xito de ventas.<\/p>\n<p><a href=\"https:\/\/quintassebastiao.com\/\" target=\"_blank\" rel=\"noopener\">Ver sitio web<\/a>[\/vc_column_text][\/vc_column][\/vc_row][vc_row el_class=\u00bbbarra-divisoria\u00bb][vc_column][vc_separator color=\u00bbcustom\u00bb accent_color=\u00bb#707070&#8243;][\/vc_column][\/vc_row][vc_row el_id=\u00bbsetor-destaque\u00bb][vc_column width=\u00bb1\/2&#8243;][vc_column_text css=\u00bb\u00bb el_class=\u00bbseparador\u00bb]<\/p>\n<h3>ENTRE LAS FUENTES DE ENERG\u00cdA ALTERNATIVAS, LA ENERG\u00cdA SOLAR ADQUIERE CADA VEZ M\u00c1S IMPORTANCIA EN PORTUGAL<\/h3>\n<p>[\/vc_column_text][\/vc_column][vc_column width=\u00bb1\/2&#8243;][\/vc_column][\/vc_row][vc_row el_id=\u00bbsetor-texto\u00bb][vc_column width=\u00bb1\/2&#8243;][vc_single_image image=\u00bb3754&#8243; img_size=\u00bbfull\u00bb css=\u00bb\u00bb][\/vc_column][vc_column width=\u00bb1\/2&#8243;][vc_column_text css=\u00bb\u00bb]<\/p>\n<h4>El valor de la energ\u00eda solar<\/h4>\n<p>La apertura a la innovaci\u00f3n y a las nuevas oportunidades de inversi\u00f3n que caracteriza al Grupo Madre hace que las fuentes de energ\u00eda alternativas, en las que el pa\u00eds ocupa una posici\u00f3n de liderazgo a nivel europeo, aprovechando las condiciones clim\u00e1ticas del territorio, tengan un lugar en su cartera. Desde 2010, produce electricidad con tecnolog\u00eda fotovoltaica para abastecer la Red El\u00e9ctrica de Servicio P\u00fablico, explotando siete parques fotovoltaicos a trav\u00e9s de las participaciones que posee en HYPESOLAR FOTOVOLTAICA, LDA. y HYPERION ENERGY PORTUGAL, LDA.[\/vc_column_text][\/vc_column][\/vc_row][vc_row css_animation=\u00bbfadeInRight\u00bb el_id=\u00bbsetor-grupo-madre\u00bb][vc_column][vc_column_text css=\u00bb.vc_custom_1609955507586{background-image: url(https:\/\/madre.com.pt\/wp-content\/uploads\/2021\/01\/the-new-york-public-library-yEauzeZU6xo-unsplash.jpg?id=167) !important;background-position: center !important;background-repeat: no-repeat !important;background-size: cover !important;}\u00bb el_class=\u00bblink-internacional\u00bb]<a href=\"https:\/\/madre.com.pt\/es\/home\/internacional\/\">Internacional<\/a>[\/vc_column_text][vc_column_text css=\u00bb.vc_custom_1609955551094{background-image: url(https:\/\/madre.com.pt\/wp-content\/uploads\/2021\/01\/Adriana_Panoramic-View.jpg?id=163) !important;background-position: center !important;background-repeat: no-repeat !important;background-size: cover !important;}\u00bb el_class=\u00bblink-turismo\u00bb]<a href=\"https:\/\/madre.com.pt\/es\/home\/turismo\/\">Turismo<\/a>[\/vc_column_text][vc_column_text css=\u00bb.vc_custom_1609955574397{background-image: url(https:\/\/madre.com.pt\/wp-content\/uploads\/2021\/01\/hayden-scott-nvmC0hSW0cU-unsplash.jpg?id=165) !important;background-position: center !important;background-repeat: no-repeat !important;background-size: cover !important;}\u00bb el_class=\u00bblink-imobiliario\u00bb]<a href=\"https:\/\/madre.com.pt\/es\/home\/bienes-raices\/\">Bienes Ra\u00edces<\/a>[\/vc_column_text][vc_column_text css=\u00bb.vc_custom_1610022775162{background-image: url(https:\/\/madre.com.pt\/wp-content\/uploads\/2021\/01\/kilyan-sockalingum-nW1n9eNHOsc-unsplash.jpg?id=166) !important;background-position: center !important;background-repeat: no-repeat !important;background-size: cover !important;}\u00bb el_class=\u00bblink-entretenimento\u00bb]<a href=\"https:\/\/madre.com.pt\/es\/home\/entretenimiento\/\">Entretenimiento<\/a>[\/vc_column_text][\/vc_column][\/vc_row]<\/p>\n<\/div>","protected":false},"excerpt":{"rendered":"<p>[vc_row content_placement=\u00bbmiddle\u00bb css_animation=\u00bbfadeIn\u00bb el_class=\u00bbseccao-com-skew\u00bb css=\u00bb.vc_custom_1611162403684{background-image: url(https:\/\/madre.com.pt\/wp-content\/uploads\/2021\/01\/madre-capital.jpg?id=1158) !important;background-position: center !important;background-repeat: no-repeat !important;background-size: cover !important;}\u00bb el_id=\u00bbsetor-intro\u00bb][vc_column width=\u00bb1\/2&#8243;][\/vc_column][vc_column width=\u00bb1\/2&#8243; el_class=\u00bbskew\u00bb css=\u00bb.vc_custom_1609788609825{background-color: #ffffff !important;}\u00bb][vc_row_inner][vc_column_inner el_class=\u00bbskew-invert\u00bb][vc_column_text css_animation=\u00bbslideInRight\u00bb css=\u00bb\u00bb el_class=\u00bbtext dark-blue\u00bb] CAPITAL EL DESARROLLO SOSTENIBLE ES INHERENTE A LAS EMPRESAS, DESDE LA GESTI\u00d3N EMPRESARIAL EN LA AGRICULTURA HASTA LAS SOLUCIONES ENERG\u00c9TICAS [\/vc_column_text][\/vc_column_inner][\/vc_row_inner][vc_raw_html]PGRpdiBjbGFzcz0ic2tldy1jYXBpdGFsIj48L2Rpdj4=[\/vc_raw_html][\/vc_column][\/vc_row][vc_row el_id=\u00bbsetor-destaque\u00bb][vc_column width=\u00bb1\/2&#8243;][vc_column_text css=\u00bb\u00bb el_class=\u00bbseparador\u00bb] AGRIVABE CUENTA CON 20 HECT\u00c1REAS [&hellip;]<\/p>\n","protected":false},"author":3,"featured_media":0,"parent":1217,"menu_order":0,"comment_status":"closed","ping_status":"closed","template":"","meta":{"inline_featured_image":false,"footnotes":""},"class_list":["post-1140","page","type-page","status-publish","hentry"],"yoast_head":"<!-- This site is optimized with the Yoast SEO plugin v27.3 - https:\/\/yoast.com\/product\/yoast-seo-wordpress\/ -->\n<title>Capital - Grupo Madre<\/title>\n<meta name=\"robots\" content=\"index, follow, max-snippet:-1, max-image-preview:large, max-video-preview:-1\" \/>\n<link rel=\"canonical\" href=\"https:\/\/madre.com.pt\/es\/home\/capital\/\" \/>\n<meta property=\"og:locale\" content=\"es_ES\" \/>\n<meta property=\"og:type\" content=\"article\" \/>\n<meta property=\"og:title\" content=\"Capital - Grupo Madre\" \/>\n<meta property=\"og:description\" content=\"[vc_row content_placement=\u00bbmiddle\u00bb css_animation=\u00bbfadeIn\u00bb el_class=\u00bbseccao-com-skew\u00bb css=\u00bb.vc_custom_1611162403684{background-image: url(https:\/\/madre.com.pt\/wp-content\/uploads\/2021\/01\/madre-capital.jpg?id=1158) !important;background-position: center !important;background-repeat: no-repeat !important;background-size: cover !important;}\u00bb el_id=\u00bbsetor-intro\u00bb][vc_column width=\u00bb1\/2&#8243;][\/vc_column][vc_column width=\u00bb1\/2&#8243; el_class=\u00bbskew\u00bb css=\u00bb.vc_custom_1609788609825{background-color: #ffffff !important;}\u00bb][vc_row_inner][vc_column_inner el_class=\u00bbskew-invert\u00bb][vc_column_text css_animation=\u00bbslideInRight\u00bb css=\u00bb\u00bb el_class=\u00bbtext dark-blue\u00bb] CAPITAL EL DESARROLLO SOSTENIBLE ES INHERENTE A LAS EMPRESAS, DESDE LA GESTI\u00d3N EMPRESARIAL EN LA AGRICULTURA HASTA LAS SOLUCIONES ENERG\u00c9TICAS [\/vc_column_text][\/vc_column_inner][\/vc_row_inner][vc_raw_html]PGRpdiBjbGFzcz0ic2tldy1jYXBpdGFsIj48L2Rpdj4=[\/vc_raw_html][\/vc_column][\/vc_row][vc_row el_id=\u00bbsetor-destaque\u00bb][vc_column width=\u00bb1\/2&#8243;][vc_column_text css=\u00bb\u00bb el_class=\u00bbseparador\u00bb] AGRIVABE CUENTA CON 20 HECT\u00c1REAS [&hellip;]\" \/>\n<meta property=\"og:url\" content=\"https:\/\/madre.com.pt\/es\/home\/capital\/\" \/>\n<meta property=\"og:site_name\" content=\"Grupo Madre\" \/>\n<meta property=\"article:modified_time\" content=\"2024-06-24T12:04:13+00:00\" \/>\n<meta name=\"twitter:card\" content=\"summary_large_image\" \/>\n<meta name=\"twitter:label1\" content=\"Tiempo de lectura\" \/>\n\t<meta name=\"twitter:data1\" content=\"5 minutos\" \/>\n<script type=\"application\/ld+json\" class=\"yoast-schema-graph\">{\"@context\":\"https:\\\/\\\/schema.org\",\"@graph\":[{\"@type\":\"WebPage\",\"@id\":\"https:\\\/\\\/madre.com.pt\\\/es\\\/home\\\/capital\\\/\",\"url\":\"https:\\\/\\\/madre.com.pt\\\/es\\\/home\\\/capital\\\/\",\"name\":\"Capital - Grupo Madre\",\"isPartOf\":{\"@id\":\"\\\/#website\"},\"datePublished\":\"2021-01-20T17:01:56+00:00\",\"dateModified\":\"2024-06-24T12:04:13+00:00\",\"breadcrumb\":{\"@id\":\"https:\\\/\\\/madre.com.pt\\\/es\\\/home\\\/capital\\\/#breadcrumb\"},\"inLanguage\":\"es\",\"potentialAction\":[{\"@type\":\"ReadAction\",\"target\":[\"https:\\\/\\\/madre.com.pt\\\/es\\\/home\\\/capital\\\/\"]}]},{\"@type\":\"BreadcrumbList\",\"@id\":\"https:\\\/\\\/madre.com.pt\\\/es\\\/home\\\/capital\\\/#breadcrumb\",\"itemListElement\":[{\"@type\":\"ListItem\",\"position\":1,\"name\":\"In\u00edcio\",\"item\":\"https:\\\/\\\/madre.com.pt\\\/es\\\/\"},{\"@type\":\"ListItem\",\"position\":2,\"name\":\"Grupo Madre\",\"item\":\"https:\\\/\\\/madre.com.pt\\\/es\\\/\"},{\"@type\":\"ListItem\",\"position\":3,\"name\":\"Capital\"}]},{\"@type\":\"WebSite\",\"@id\":\"\\\/#website\",\"url\":\"\\\/\",\"name\":\"Grupo Madre\",\"description\":\"Uma Vis&atilde;o Concertada do Futuro\",\"publisher\":{\"@id\":\"\\\/#organization\"},\"potentialAction\":[{\"@type\":\"SearchAction\",\"target\":{\"@type\":\"EntryPoint\",\"urlTemplate\":\"\\\/?s={search_term_string}\"},\"query-input\":{\"@type\":\"PropertyValueSpecification\",\"valueRequired\":true,\"valueName\":\"search_term_string\"}}],\"inLanguage\":\"es\"},{\"@type\":\"Organization\",\"@id\":\"\\\/#organization\",\"name\":\"Grupo Madre\",\"url\":\"\\\/\",\"logo\":{\"@type\":\"ImageObject\",\"inLanguage\":\"es\",\"@id\":\"\\\/#\\\/schema\\\/logo\\\/image\\\/\",\"url\":\"https:\\\/\\\/madre.com.pt\\\/wp-content\\\/uploads\\\/2020\\\/12\\\/cropped-Grupo_Madre_RGB-1.png\",\"contentUrl\":\"https:\\\/\\\/madre.com.pt\\\/wp-content\\\/uploads\\\/2020\\\/12\\\/cropped-Grupo_Madre_RGB-1.png\",\"width\":512,\"height\":512,\"caption\":\"Grupo Madre\"},\"image\":{\"@id\":\"\\\/#\\\/schema\\\/logo\\\/image\\\/\"}}]}<\/script>\n<!-- \/ Yoast SEO plugin. -->","yoast_head_json":{"title":"Capital - Grupo Madre","robots":{"index":"index","follow":"follow","max-snippet":"max-snippet:-1","max-image-preview":"max-image-preview:large","max-video-preview":"max-video-preview:-1"},"canonical":"https:\/\/madre.com.pt\/es\/home\/capital\/","og_locale":"es_ES","og_type":"article","og_title":"Capital - Grupo Madre","og_description":"[vc_row content_placement=\u00bbmiddle\u00bb css_animation=\u00bbfadeIn\u00bb el_class=\u00bbseccao-com-skew\u00bb css=\u00bb.vc_custom_1611162403684{background-image: url(https:\/\/madre.com.pt\/wp-content\/uploads\/2021\/01\/madre-capital.jpg?id=1158) !important;background-position: center !important;background-repeat: no-repeat !important;background-size: cover !important;}\u00bb el_id=\u00bbsetor-intro\u00bb][vc_column width=\u00bb1\/2&#8243;][\/vc_column][vc_column width=\u00bb1\/2&#8243; el_class=\u00bbskew\u00bb css=\u00bb.vc_custom_1609788609825{background-color: #ffffff !important;}\u00bb][vc_row_inner][vc_column_inner el_class=\u00bbskew-invert\u00bb][vc_column_text css_animation=\u00bbslideInRight\u00bb css=\u00bb\u00bb el_class=\u00bbtext dark-blue\u00bb] CAPITAL EL DESARROLLO SOSTENIBLE ES INHERENTE A LAS EMPRESAS, DESDE LA GESTI\u00d3N EMPRESARIAL EN LA AGRICULTURA HASTA LAS SOLUCIONES ENERG\u00c9TICAS [\/vc_column_text][\/vc_column_inner][\/vc_row_inner][vc_raw_html]PGRpdiBjbGFzcz0ic2tldy1jYXBpdGFsIj48L2Rpdj4=[\/vc_raw_html][\/vc_column][\/vc_row][vc_row el_id=\u00bbsetor-destaque\u00bb][vc_column width=\u00bb1\/2&#8243;][vc_column_text css=\u00bb\u00bb el_class=\u00bbseparador\u00bb] AGRIVABE CUENTA CON 20 HECT\u00c1REAS [&hellip;]","og_url":"https:\/\/madre.com.pt\/es\/home\/capital\/","og_site_name":"Grupo Madre","article_modified_time":"2024-06-24T12:04:13+00:00","twitter_card":"summary_large_image","twitter_misc":{"Tiempo de lectura":"5 minutos"},"schema":{"@context":"https:\/\/schema.org","@graph":[{"@type":"WebPage","@id":"https:\/\/madre.com.pt\/es\/home\/capital\/","url":"https:\/\/madre.com.pt\/es\/home\/capital\/","name":"Capital - Grupo Madre","isPartOf":{"@id":"\/#website"},"datePublished":"2021-01-20T17:01:56+00:00","dateModified":"2024-06-24T12:04:13+00:00","breadcrumb":{"@id":"https:\/\/madre.com.pt\/es\/home\/capital\/#breadcrumb"},"inLanguage":"es","potentialAction":[{"@type":"ReadAction","target":["https:\/\/madre.com.pt\/es\/home\/capital\/"]}]},{"@type":"BreadcrumbList","@id":"https:\/\/madre.com.pt\/es\/home\/capital\/#breadcrumb","itemListElement":[{"@type":"ListItem","position":1,"name":"In\u00edcio","item":"https:\/\/madre.com.pt\/es\/"},{"@type":"ListItem","position":2,"name":"Grupo Madre","item":"https:\/\/madre.com.pt\/es\/"},{"@type":"ListItem","position":3,"name":"Capital"}]},{"@type":"WebSite","@id":"\/#website","url":"\/","name":"Grupo Madre","description":"Uma Vis&atilde;o Concertada do Futuro","publisher":{"@id":"\/#organization"},"potentialAction":[{"@type":"SearchAction","target":{"@type":"EntryPoint","urlTemplate":"\/?s={search_term_string}"},"query-input":{"@type":"PropertyValueSpecification","valueRequired":true,"valueName":"search_term_string"}}],"inLanguage":"es"},{"@type":"Organization","@id":"\/#organization","name":"Grupo Madre","url":"\/","logo":{"@type":"ImageObject","inLanguage":"es","@id":"\/#\/schema\/logo\/image\/","url":"https:\/\/madre.com.pt\/wp-content\/uploads\/2020\/12\/cropped-Grupo_Madre_RGB-1.png","contentUrl":"https:\/\/madre.com.pt\/wp-content\/uploads\/2020\/12\/cropped-Grupo_Madre_RGB-1.png","width":512,"height":512,"caption":"Grupo Madre"},"image":{"@id":"\/#\/schema\/logo\/image\/"}}]}},"_links":{"self":[{"href":"https:\/\/madre.com.pt\/es\/wp-json\/wp\/v2\/pages\/1140","targetHints":{"allow":["GET"]}}],"collection":[{"href":"https:\/\/madre.com.pt\/es\/wp-json\/wp\/v2\/pages"}],"about":[{"href":"https:\/\/madre.com.pt\/es\/wp-json\/wp\/v2\/types\/page"}],"author":[{"embeddable":true,"href":"https:\/\/madre.com.pt\/es\/wp-json\/wp\/v2\/users\/3"}],"replies":[{"embeddable":true,"href":"https:\/\/madre.com.pt\/es\/wp-json\/wp\/v2\/comments?post=1140"}],"version-history":[{"count":16,"href":"https:\/\/madre.com.pt\/es\/wp-json\/wp\/v2\/pages\/1140\/revisions"}],"predecessor-version":[{"id":3845,"href":"https:\/\/madre.com.pt\/es\/wp-json\/wp\/v2\/pages\/1140\/revisions\/3845"}],"up":[{"embeddable":true,"href":"https:\/\/madre.com.pt\/es\/wp-json\/wp\/v2\/pages\/1217"}],"wp:attachment":[{"href":"https:\/\/madre.com.pt\/es\/wp-json\/wp\/v2\/media?parent=1140"}],"curies":[{"name":"wp","href":"https:\/\/api.w.org\/{rel}","templated":true}]}}